{"id":696,"date":"2015-12-23T14:14:54","date_gmt":"2015-12-23T13:14:54","guid":{"rendered":"http:\/\/premiumbuero.de\/wp-pellens-hortensien\/?post_type=product&#038;p=696"},"modified":"2025-11-04T10:24:58","modified_gmt":"2025-11-04T09:24:58","slug":"kardinal","status":"publish","type":"product","link":"https:\/\/www.pellens-hortensien.de\/en\/product-en\/kardinal\/","title":{"rendered":"Kardinal rot"},"content":{"rendered":"<p>Wuchs: Medium<br \/>\nBl\u00fcte:\u00a0\u00a0\u00a0 Rote Tellerhortensie<br \/>\n(auch in lila erh\u00e4ltlich)<br \/>\nEndh\u00f6he: 1,5 bis 2 Meter<strong><br \/>\n<\/strong><\/p>\n<p>Start: KW 2<br \/>\nTreibdauer: ca. 10 Wochen<br \/>\n<strong>Auch f\u00fcr Containerproduktion.<br \/>\n<\/strong><strong><br \/>\n<\/strong><\/p>\n","protected":false},"excerpt":{"rendered":"<p>Wuchs: Medium Bl\u00fcte:\u00a0\u00a0\u00a0 Rote Tellerhortensie (auch in lila erh\u00e4ltlich) Endh\u00f6he: 1,5 bis 2 Meter Start: KW 2 Treibdauer: ca. 10 Wochen Auch f\u00fcr Containerproduktion.<\/p>\n","protected":false},"featured_media":1139,"template":"","meta":{"kt_blocks_editor_width":"","_kad_blocks_custom_css":"","_kad_blocks_head_custom_js":"","_kad_blocks_body_custom_js":"","_kad_blocks_footer_custom_js":""},"product_brand":[],"product_cat":[13,26],"product_tag":[1412,1425,1388,1421,1387,739,754,740,1491,1419,1424,1492,1423,741,744,1389,44,1416],"class_list":{"0":"post-696","1":"product","2":"type-product","3":"status-publish","4":"has-post-thumbnail","6":"product_cat-hortensia","7":"product_cat-rot","8":"product_tag-bauernhortensie","9":"product_tag-dark-red","10":"product_tag-dunkelrot","11":"product_tag-feuerrot","12":"product_tag-hortensia","13":"product_tag-hortensie","14":"product_tag-hortensiensorten","15":"product_tag-hydrangea","16":"product_tag-kardinal","17":"product_tag-knallrot","18":"product_tag-kraeftig-rot","19":"product_tag-lacecap","20":"product_tag-leuchtend","21":"product_tag-macrophylla","22":"product_tag-pellens","23":"product_tag-red-2","24":"product_tag-rot","25":"product_tag-tellerhortensie","26":"pa_liefer-kw-kw01","27":"pa_liefer-kw-kw02","28":"pa_liefer-kw-kw03","29":"pa_liefer-kw-kw04","30":"pa_liefer-kw-kw05","31":"pa_liefer-kw-kw06","32":"pa_liefer-kw-kw07","33":"pa_liefer-kw-kw08","34":"pa_liefer-kw-kw09","35":"pa_liefer-kw-kw10","36":"pa_liefer-kw-kw11","37":"pa_liefer-kw-kw12","38":"pa_liefer-kw-kw13","39":"pa_liefer-kw-kw14","40":"pa_liefer-kw-kw15","41":"pa_liefer-kw-kw16","42":"pa_liefer-kw-kw17","43":"pa_liefer-kw-kw18","44":"pa_liefer-kw-kw19","45":"pa_liefer-kw-kw20","46":"pa_liefer-kw-kw21","47":"pa_liefer-kw-kw22","48":"pa_liefer-kw-kw23","49":"pa_liefer-kw-kw24","50":"pa_liefer-kw-kw25","51":"pa_liefer-kw-kw26","52":"pa_liefer-kw-kw27","53":"pa_liefer-kw-kw28","54":"pa_liefer-kw-kw29","55":"pa_liefer-kw-kw30","56":"pa_liefer-kw-kw31","57":"pa_liefer-kw-kw32","58":"pa_liefer-kw-kw33","59":"pa_liefer-kw-kw34","60":"pa_liefer-kw-kw35","61":"pa_liefer-kw-kw36","62":"pa_liefer-kw-kw37","63":"pa_liefer-kw-kw38","64":"pa_liefer-kw-kw39","65":"pa_liefer-kw-kw40","66":"pa_liefer-kw-kw41","67":"pa_liefer-kw-kw42","68":"pa_liefer-kw-kw43","69":"pa_liefer-kw-kw44","70":"pa_liefer-kw-kw45","71":"pa_liefer-kw-kw46","72":"pa_liefer-kw-kw47","73":"pa_liefer-kw-kw48","74":"pa_liefer-kw-kw49","75":"pa_liefer-kw-kw50","76":"pa_liefer-kw-kw51","77":"pa_liefer-kw-kw52","78":"pa_produktform-c-20-20","79":"pa_produktform-c-5-12","80":"pa_produktform-t-14-5","81":"pa_produktform-t-14-7","82":"pa_verwendung-verwendung-baumschulpflanze","83":"pa_verwendung-verwendung-zimmerpflanze","84":"pa_wuchs-wuchs-medium","86":"first","87":"instock","88":"taxable","89":"shipping-taxable","90":"purchasable","91":"product-type-variable"},"yoast_head":"<!-- This site is optimized with the Yoast SEO plugin v27.5 - https:\/\/yoast.com\/product\/yoast-seo-wordpress\/ -->\n<title>Kardinal rot - Pellens Hortensien<\/title>\n<meta name=\"description\" content=\"Kardinal ist eine Tellerhortensie in leuchtendem Rot. Die Bauernhortensie (Hydrangea macrophylla) ist robust, wird bis 2 Meter gro\u00df und mag Halbschatten.\" \/>\n<meta name=\"robots\" content=\"index, follow, max-snippet:-1, max-image-preview:large, max-video-preview:-1\" \/>\n<link rel=\"canonical\" href=\"https:\/\/www.pellens-hortensien.de\/en\/product-en\/kardinal\/\" \/>\n<meta name=\"twitter:label1\" content=\"Est. reading time\" \/>\n\t<meta name=\"twitter:data1\" content=\"1 minute\" \/>\n<script type=\"application\/ld+json\" class=\"yoast-schema-graph\">{\"@context\":\"https:\\\/\\\/schema.org\",\"@graph\":[{\"@type\":\"WebPage\",\"@id\":\"https:\\\/\\\/www.pellens-hortensien.de\\\/en\\\/product-en\\\/kardinal\\\/\",\"url\":\"https:\\\/\\\/www.pellens-hortensien.de\\\/en\\\/product-en\\\/kardinal\\\/\",\"name\":\"Kardinal rot - Pellens Hortensien\",\"isPartOf\":{\"@id\":\"https:\\\/\\\/www.pellens-hortensien.de\\\/en\\\/#website\"},\"primaryImageOfPage\":{\"@id\":\"https:\\\/\\\/www.pellens-hortensien.de\\\/en\\\/product-en\\\/kardinal\\\/#primaryimage\"},\"image\":{\"@id\":\"https:\\\/\\\/www.pellens-hortensien.de\\\/en\\\/product-en\\\/kardinal\\\/#primaryimage\"},\"thumbnailUrl\":\"https:\\\/\\\/www.pellens-hortensien.de\\\/wp-content\\\/uploads\\\/2015\\\/12\\\/hort-red-KARDINAL-pink-2-037264.png\",\"datePublished\":\"2015-12-23T13:14:54+00:00\",\"dateModified\":\"2025-11-04T09:24:58+00:00\",\"description\":\"Kardinal ist eine Tellerhortensie in leuchtendem Rot. Die Bauernhortensie (Hydrangea macrophylla) ist robust, wird bis 2 Meter gro\u00df und mag Halbschatten.\",\"breadcrumb\":{\"@id\":\"https:\\\/\\\/www.pellens-hortensien.de\\\/en\\\/product-en\\\/kardinal\\\/#breadcrumb\"},\"inLanguage\":\"en-US\",\"potentialAction\":[{\"@type\":\"ReadAction\",\"target\":[\"https:\\\/\\\/www.pellens-hortensien.de\\\/en\\\/product-en\\\/kardinal\\\/\"]}]},{\"@type\":\"ImageObject\",\"inLanguage\":\"en-US\",\"@id\":\"https:\\\/\\\/www.pellens-hortensien.de\\\/en\\\/product-en\\\/kardinal\\\/#primaryimage\",\"url\":\"https:\\\/\\\/www.pellens-hortensien.de\\\/wp-content\\\/uploads\\\/2015\\\/12\\\/hort-red-KARDINAL-pink-2-037264.png\",\"contentUrl\":\"https:\\\/\\\/www.pellens-hortensien.de\\\/wp-content\\\/uploads\\\/2015\\\/12\\\/hort-red-KARDINAL-pink-2-037264.png\",\"width\":600,\"height\":600,\"caption\":\"Kardinal Oben\"},{\"@type\":\"BreadcrumbList\",\"@id\":\"https:\\\/\\\/www.pellens-hortensien.de\\\/en\\\/product-en\\\/kardinal\\\/#breadcrumb\",\"itemListElement\":[{\"@type\":\"ListItem\",\"position\":1,\"name\":\"Home\",\"item\":\"https:\\\/\\\/www.pellens-hortensien.de\\\/en\\\/\"},{\"@type\":\"ListItem\",\"position\":2,\"name\":\"Interaktive Sortimentsliste\",\"item\":\"https:\\\/\\\/www.pellens-hortensien.de\\\/sortiment-interaktiv\\\/\"},{\"@type\":\"ListItem\",\"position\":3,\"name\":\"Kardinal rot\"}]},{\"@type\":\"WebSite\",\"@id\":\"https:\\\/\\\/www.pellens-hortensien.de\\\/en\\\/#website\",\"url\":\"https:\\\/\\\/www.pellens-hortensien.de\\\/en\\\/\",\"name\":\"Pellens Hortensien\",\"description\":\"Ihr Hortensienspezialist vom Niederrhein\",\"publisher\":{\"@id\":\"https:\\\/\\\/www.pellens-hortensien.de\\\/en\\\/#organization\"},\"potentialAction\":[{\"@type\":\"SearchAction\",\"target\":{\"@type\":\"EntryPoint\",\"urlTemplate\":\"https:\\\/\\\/www.pellens-hortensien.de\\\/en\\\/?s={search_term_string}\"},\"query-input\":{\"@type\":\"PropertyValueSpecification\",\"valueRequired\":true,\"valueName\":\"search_term_string\"}}],\"inLanguage\":\"en-US\"},{\"@type\":\"Organization\",\"@id\":\"https:\\\/\\\/www.pellens-hortensien.de\\\/en\\\/#organization\",\"name\":\"Pellens GmbH\",\"url\":\"https:\\\/\\\/www.pellens-hortensien.de\\\/en\\\/\",\"logo\":{\"@type\":\"ImageObject\",\"inLanguage\":\"en-US\",\"@id\":\"https:\\\/\\\/www.pellens-hortensien.de\\\/en\\\/#\\\/schema\\\/logo\\\/image\\\/\",\"url\":\"https:\\\/\\\/www.pellens-hortensien.de\\\/wp-content\\\/uploads\\\/2015\\\/11\\\/logo_pellens_690_200.png\",\"contentUrl\":\"https:\\\/\\\/www.pellens-hortensien.de\\\/wp-content\\\/uploads\\\/2015\\\/11\\\/logo_pellens_690_200.png\",\"width\":690,\"height\":200,\"caption\":\"Pellens GmbH\"},\"image\":{\"@id\":\"https:\\\/\\\/www.pellens-hortensien.de\\\/en\\\/#\\\/schema\\\/logo\\\/image\\\/\"},\"sameAs\":[\"https:\\\/\\\/www.facebook.com\\\/Hortensia4U\\\/\",\"https:\\\/\\\/x.com\\\/Hortensia4U\",\"https:\\\/\\\/www.instagram.com\\\/Hortensia4U\\\/\",\"https:\\\/\\\/www.youtube.com\\\/user\\\/Hortensia4U\"]}]}<\/script>\n<!-- \/ Yoast SEO plugin. -->","yoast_head_json":{"title":"Kardinal rot - Pellens Hortensien","description":"Kardinal ist eine Tellerhortensie in leuchtendem Rot. Die Bauernhortensie (Hydrangea macrophylla) ist robust, wird bis 2 Meter gro\u00df und mag Halbschatten.","robots":{"index":"index","follow":"follow","max-snippet":"max-snippet:-1","max-image-preview":"max-image-preview:large","max-video-preview":"max-video-preview:-1"},"canonical":"https:\/\/www.pellens-hortensien.de\/en\/product-en\/kardinal\/","twitter_misc":{"Est. reading time":"1 minute"},"schema":{"@context":"https:\/\/schema.org","@graph":[{"@type":"WebPage","@id":"https:\/\/www.pellens-hortensien.de\/en\/product-en\/kardinal\/","url":"https:\/\/www.pellens-hortensien.de\/en\/product-en\/kardinal\/","name":"Kardinal rot - Pellens Hortensien","isPartOf":{"@id":"https:\/\/www.pellens-hortensien.de\/en\/#website"},"primaryImageOfPage":{"@id":"https:\/\/www.pellens-hortensien.de\/en\/product-en\/kardinal\/#primaryimage"},"image":{"@id":"https:\/\/www.pellens-hortensien.de\/en\/product-en\/kardinal\/#primaryimage"},"thumbnailUrl":"https:\/\/www.pellens-hortensien.de\/wp-content\/uploads\/2015\/12\/hort-red-KARDINAL-pink-2-037264.png","datePublished":"2015-12-23T13:14:54+00:00","dateModified":"2025-11-04T09:24:58+00:00","description":"Kardinal ist eine Tellerhortensie in leuchtendem Rot. Die Bauernhortensie (Hydrangea macrophylla) ist robust, wird bis 2 Meter gro\u00df und mag Halbschatten.","breadcrumb":{"@id":"https:\/\/www.pellens-hortensien.de\/en\/product-en\/kardinal\/#breadcrumb"},"inLanguage":"en-US","potentialAction":[{"@type":"ReadAction","target":["https:\/\/www.pellens-hortensien.de\/en\/product-en\/kardinal\/"]}]},{"@type":"ImageObject","inLanguage":"en-US","@id":"https:\/\/www.pellens-hortensien.de\/en\/product-en\/kardinal\/#primaryimage","url":"https:\/\/www.pellens-hortensien.de\/wp-content\/uploads\/2015\/12\/hort-red-KARDINAL-pink-2-037264.png","contentUrl":"https:\/\/www.pellens-hortensien.de\/wp-content\/uploads\/2015\/12\/hort-red-KARDINAL-pink-2-037264.png","width":600,"height":600,"caption":"Kardinal Oben"},{"@type":"BreadcrumbList","@id":"https:\/\/www.pellens-hortensien.de\/en\/product-en\/kardinal\/#breadcrumb","itemListElement":[{"@type":"ListItem","position":1,"name":"Home","item":"https:\/\/www.pellens-hortensien.de\/en\/"},{"@type":"ListItem","position":2,"name":"Interaktive Sortimentsliste","item":"https:\/\/www.pellens-hortensien.de\/sortiment-interaktiv\/"},{"@type":"ListItem","position":3,"name":"Kardinal rot"}]},{"@type":"WebSite","@id":"https:\/\/www.pellens-hortensien.de\/en\/#website","url":"https:\/\/www.pellens-hortensien.de\/en\/","name":"Pellens Hortensien","description":"Ihr Hortensienspezialist vom Niederrhein","publisher":{"@id":"https:\/\/www.pellens-hortensien.de\/en\/#organization"},"potentialAction":[{"@type":"SearchAction","target":{"@type":"EntryPoint","urlTemplate":"https:\/\/www.pellens-hortensien.de\/en\/?s={search_term_string}"},"query-input":{"@type":"PropertyValueSpecification","valueRequired":true,"valueName":"search_term_string"}}],"inLanguage":"en-US"},{"@type":"Organization","@id":"https:\/\/www.pellens-hortensien.de\/en\/#organization","name":"Pellens GmbH","url":"https:\/\/www.pellens-hortensien.de\/en\/","logo":{"@type":"ImageObject","inLanguage":"en-US","@id":"https:\/\/www.pellens-hortensien.de\/en\/#\/schema\/logo\/image\/","url":"https:\/\/www.pellens-hortensien.de\/wp-content\/uploads\/2015\/11\/logo_pellens_690_200.png","contentUrl":"https:\/\/www.pellens-hortensien.de\/wp-content\/uploads\/2015\/11\/logo_pellens_690_200.png","width":690,"height":200,"caption":"Pellens GmbH"},"image":{"@id":"https:\/\/www.pellens-hortensien.de\/en\/#\/schema\/logo\/image\/"},"sameAs":["https:\/\/www.facebook.com\/Hortensia4U\/","https:\/\/x.com\/Hortensia4U","https:\/\/www.instagram.com\/Hortensia4U\/","https:\/\/www.youtube.com\/user\/Hortensia4U"]}]}},"taxonomy_info":{"product_cat":[{"value":13,"label":"Hortensia"},{"value":26,"label":"Rote Sorten"}],"product_tag":[{"value":1412,"label":"Bauernhortensie"},{"value":1425,"label":"dark red"},{"value":1388,"label":"dunkelrot"},{"value":1421,"label":"feuerrot"},{"value":1387,"label":"Hortensia"},{"value":739,"label":"Hortensie"},{"value":754,"label":"Hortensiensorten"},{"value":740,"label":"Hydrangea"},{"value":1491,"label":"Kardinal"},{"value":1419,"label":"knallrot"},{"value":1424,"label":"kr\u00e4ftig rot"},{"value":1492,"label":"lacecap"},{"value":1423,"label":"leuchtend"},{"value":741,"label":"macrophylla"},{"value":744,"label":"Pellens"},{"value":1389,"label":"Red"},{"value":44,"label":"Rot"},{"value":1416,"label":"Tellerhortensie"}],"pa_liefer-kw":[{"value":99,"label":"KW01"},{"value":100,"label":"KW02"},{"value":101,"label":"KW03"},{"value":102,"label":"KW04"},{"value":103,"label":"KW05"},{"value":104,"label":"KW06"},{"value":105,"label":"KW07"},{"value":106,"label":"KW08"},{"value":107,"label":"KW09"},{"value":108,"label":"KW10"},{"value":109,"label":"KW11"},{"value":110,"label":"KW12"},{"value":111,"label":"KW13"},{"value":112,"label":"KW14"},{"value":113,"label":"KW15"},{"value":114,"label":"KW16"},{"value":115,"label":"KW17"},{"value":116,"label":"KW18"},{"value":117,"label":"KW19"},{"value":118,"label":"KW20"},{"value":119,"label":"KW21"},{"value":120,"label":"KW22"},{"value":121,"label":"KW23"},{"value":122,"label":"KW24"},{"value":123,"label":"KW25"},{"value":124,"label":"KW26"},{"value":125,"label":"KW27"},{"value":126,"label":"KW28"},{"value":127,"label":"KW29"},{"value":128,"label":"KW30"},{"value":129,"label":"KW31"},{"value":130,"label":"KW32"},{"value":131,"label":"KW33"},{"value":132,"label":"KW34"},{"value":133,"label":"KW35"},{"value":134,"label":"KW36"},{"value":135,"label":"KW37"},{"value":136,"label":"KW38"},{"value":137,"label":"KW39"},{"value":138,"label":"KW40"},{"value":139,"label":"KW41"},{"value":140,"label":"KW42"},{"value":141,"label":"KW43"},{"value":142,"label":"KW44"},{"value":143,"label":"KW45"},{"value":144,"label":"KW46"},{"value":145,"label":"KW47"},{"value":146,"label":"KW48"},{"value":147,"label":"KW49"},{"value":148,"label":"KW50"},{"value":149,"label":"KW51"},{"value":150,"label":"KW52"}],"pa_produktform":[{"value":37,"label":"C-20\/ 20+ (15 Stk. per CC)"},{"value":36,"label":"C-5\/ 12+ (85 Stk. per CC)"},{"value":33,"label":"T-14\/ 5+ (320 Stk. per CC)"},{"value":34,"label":"T-14\/ 7+ (320 Stk. per CC)"}],"pa_verwendung":[{"value":1218,"label":"Optimal als Baumschulpflanze"},{"value":1217,"label":"Optimal als Zimmerpflanze"}],"pa_wuchs":[{"value":1215,"label":"Wuchs medium"}]},"featured_image_src_large":["https:\/\/www.pellens-hortensien.de\/wp-content\/uploads\/2015\/12\/hort-red-KARDINAL-pink-2-037264.png",600,600,false],"author_info":[],"comment_info":"","_links":{"self":[{"href":"https:\/\/www.pellens-hortensien.de\/en\/wp-json\/wp\/v2\/product\/696","targetHints":{"allow":["GET"]}}],"collection":[{"href":"https:\/\/www.pellens-hortensien.de\/en\/wp-json\/wp\/v2\/product"}],"about":[{"href":"https:\/\/www.pellens-hortensien.de\/en\/wp-json\/wp\/v2\/types\/product"}],"wp:featuredmedia":[{"embeddable":true,"href":"https:\/\/www.pellens-hortensien.de\/en\/wp-json\/wp\/v2\/media\/1139"}],"wp:attachment":[{"href":"https:\/\/www.pellens-hortensien.de\/en\/wp-json\/wp\/v2\/media?parent=696"}],"wp:term":[{"taxonomy":"product_brand","embeddable":true,"href":"https:\/\/www.pellens-hortensien.de\/en\/wp-json\/wp\/v2\/product_brand?post=696"},{"taxonomy":"product_cat","embeddable":true,"href":"https:\/\/www.pellens-hortensien.de\/en\/wp-json\/wp\/v2\/product_cat?post=696"},{"taxonomy":"product_tag","embeddable":true,"href":"https:\/\/www.pellens-hortensien.de\/en\/wp-json\/wp\/v2\/product_tag?post=696"}],"curies":[{"name":"wp","href":"https:\/\/api.w.org\/{rel}","templated":true}]}}