{"id":22426,"date":"2015-08-31T14:14:07","date_gmt":"2015-08-31T12:14:07","guid":{"rendered":"http:\/\/pellens.profiel.de\/agb\/"},"modified":"2024-03-25T10:59:00","modified_gmt":"2024-03-25T09:59:00","slug":"agb","status":"publish","type":"page","link":"https:\/\/www.pellens-hortensien.de\/en\/agb\/","title":{"rendered":"AGB"},"content":{"rendered":"<style>.wp-block-kadence-advancedheading.kt-adv-heading155_ae3162-70, .wp-block-kadence-advancedheading.kt-adv-heading155_ae3162-70[data-kb-block=\"kb-adv-heading155_ae3162-70\"]{font-style:normal;}.wp-block-kadence-advancedheading.kt-adv-heading155_ae3162-70 mark.kt-highlight, .wp-block-kadence-advancedheading.kt-adv-heading155_ae3162-70[data-kb-block=\"kb-adv-heading155_ae3162-70\"] mark.kt-highlight{font-style:normal;color:#f76a0c;-webkit-box-decoration-break:clone;box-decoration-break:clone;padding-top:0px;padding-right:0px;padding-bottom:0px;padding-left:0px;}.wp-block-kadence-advancedheading.kt-adv-heading155_ae3162-70 img.kb-inline-image, .wp-block-kadence-advancedheading.kt-adv-heading155_ae3162-70[data-kb-block=\"kb-adv-heading155_ae3162-70\"] img.kb-inline-image{width:150px;vertical-align:baseline;}<\/style>\n<h2 class=\"kt-adv-heading155_ae3162-70 wp-block-kadence-advancedheading\" data-kb-block=\"kb-adv-heading155_ae3162-70\">Allgemeine Gesch\u00e4ftsbedingungen<\/h2>\n<style>.kb-row-layout-id155_4be89a-41 > .kt-row-column-wrap{align-content:start;}:where(.kb-row-layout-id155_4be89a-41 > .kt-row-column-wrap) > .wp-block-kadence-column{justify-content:start;}.kb-row-layout-id155_4be89a-41 > .kt-row-column-wrap{column-gap:var(--global-kb-gap-md, 2rem);row-gap:var(--global-kb-gap-md, 2rem);padding-top:var(--global-kb-spacing-sm, 1.5rem);padding-bottom:var(--global-kb-spacing-sm, 1.5rem);}.kb-row-layout-id155_4be89a-41 > .kt-row-column-wrap > div:not(.added-for-specificity){grid-column:initial;}.kb-row-layout-id155_4be89a-41 > .kt-row-column-wrap{grid-template-columns:repeat(3, minmax(0, 1fr));}.kb-row-layout-id155_4be89a-41 > .kt-row-layout-overlay{opacity:0.30;}@media all and (max-width: 1024px){.kb-row-layout-id155_4be89a-41 > .kt-row-column-wrap > div:not(.added-for-specificity){grid-column:initial;}}@media all and (max-width: 1024px){.kb-row-layout-id155_4be89a-41 > .kt-row-column-wrap{grid-template-columns:repeat(3, minmax(0, 1fr));}}@media all and (max-width: 767px){.kb-row-layout-id155_4be89a-41 > .kt-row-column-wrap > div:not(.added-for-specificity){grid-column:initial;}.kb-row-layout-id155_4be89a-41 > .kt-row-column-wrap{grid-template-columns:minmax(0, 1fr);}}<\/style><div class=\"kb-row-layout-wrap kb-row-layout-id155_4be89a-41 alignnone wp-block-kadence-rowlayout\"><div class=\"kt-row-column-wrap kt-has-3-columns kt-row-layout-equal kt-tab-layout-inherit kt-mobile-layout-row kt-row-valign-top\">\n<style>.kadence-column155_54b13a-18 > .kt-inside-inner-col,.kadence-column155_54b13a-18 > .kt-inside-inner-col:before{border-top-left-radius:0px;border-top-right-radius:0px;border-bottom-right-radius:0px;border-bottom-left-radius:0px;}.kadence-column155_54b13a-18 > .kt-inside-inner-col{column-gap:var(--global-kb-gap-sm, 1rem);}.kadence-column155_54b13a-18 > .kt-inside-inner-col{flex-direction:column;}.kadence-column155_54b13a-18 > .kt-inside-inner-col > .aligncenter{width:100%;}.kadence-column155_54b13a-18 > .kt-inside-inner-col:before{opacity:0.3;}.kadence-column155_54b13a-18{position:relative;}@media all and (max-width: 1024px){.kadence-column155_54b13a-18 > .kt-inside-inner-col{flex-direction:column;justify-content:center;}}@media all and (max-width: 767px){.kadence-column155_54b13a-18 > .kt-inside-inner-col{flex-direction:column;justify-content:center;}}<\/style>\n<div class=\"wp-block-kadence-column kadence-column155_54b13a-18\"><div class=\"kt-inside-inner-col\"><style>.wp-block-kadence-advancedheading.kt-adv-heading155_4f59b1-8f, .wp-block-kadence-advancedheading.kt-adv-heading155_4f59b1-8f[data-kb-block=\"kb-adv-heading155_4f59b1-8f\"]{font-style:normal;}.wp-block-kadence-advancedheading.kt-adv-heading155_4f59b1-8f mark.kt-highlight, .wp-block-kadence-advancedheading.kt-adv-heading155_4f59b1-8f[data-kb-block=\"kb-adv-heading155_4f59b1-8f\"] mark.kt-highlight{font-style:normal;color:#f76a0c;-webkit-box-decoration-break:clone;box-decoration-break:clone;padding-top:0px;padding-right:0px;padding-bottom:0px;padding-left:0px;}.wp-block-kadence-advancedheading.kt-adv-heading155_4f59b1-8f img.kb-inline-image, .wp-block-kadence-advancedheading.kt-adv-heading155_4f59b1-8f[data-kb-block=\"kb-adv-heading155_4f59b1-8f\"] img.kb-inline-image{width:150px;vertical-align:baseline;}<\/style>\n<h3 class=\"kt-adv-heading155_4f59b1-8f wp-block-kadence-advancedheading\" data-kb-block=\"kb-adv-heading155_4f59b1-8f\">\u00a7 1 Geltung, Begriffsdefinitionen<\/h3>\n\n\n\n<p>(1) Pellens GmbH, Gesch\u00e4ftsf\u00fchrer: Andreas Pellens, St.-Adelheid-Weg 9, D-47608 Geldern, Deutschland (im Folgenden: &#8220;Verk\u00e4ufer&#8221;, \u201ewir\u201c oder \u201ePellens GmbH Onlineshop\u201c) betreibt unter der Webseite https:\/\/www.pellens-hortensien.de einen Online-Shop f\u00fcr Waren. Die nachfolgenden allgemeinen Gesch\u00e4ftsbedingungen gelten f\u00fcr alle Leistungen zwischen uns und unseren Kunden (im Folgenden: \u201eKunde\u201c oder \u201eSie\u201c) in ihrer zum Zeitpunkt der Bestellung g\u00fcltigen Fassung, soweit nicht etwas anderes ausdr\u00fccklich vereinbart wurde.<\/p>\n\n\n\n<p>(2) \u201eVerbraucher\u201c im Sinne dieser Gesch\u00e4ftsbedingungen ist jede nat\u00fcrliche Person, die ein Rechtsgesch\u00e4ft zu Zwecken abschlie\u00dft, die \u00fcberwiegend weder ihrer gewerblichen noch ihrer selbst\u00e4ndigen beruflichen T\u00e4tigkeit zugerechnet werden k\u00f6nnen. \u201eUnternehmer\u201c ist eine nat\u00fcrliche oder juristische Person oder eine rechtsf\u00e4hige Personengesellschaft, die bei Abschluss eines Rechtsgesch\u00e4fts in Aus\u00fcbung ihrer gewerblichen oder selbst\u00e4ndigen beruflichen T\u00e4tigkeit handelt, wobei eine rechtsf\u00e4hige Personengesellschaft eine Personengesellschaft ist, die mit der F\u00e4higkeit ausgestattet ist, Rechte zu erwerben und Verbindlichkeiten einzugehen. <\/p>\n\n\n<style>.wp-block-kadence-advancedheading.kt-adv-heading155_bc3f1b-f1, .wp-block-kadence-advancedheading.kt-adv-heading155_bc3f1b-f1[data-kb-block=\"kb-adv-heading155_bc3f1b-f1\"]{font-style:normal;}.wp-block-kadence-advancedheading.kt-adv-heading155_bc3f1b-f1 mark.kt-highlight, .wp-block-kadence-advancedheading.kt-adv-heading155_bc3f1b-f1[data-kb-block=\"kb-adv-heading155_bc3f1b-f1\"] mark.kt-highlight{font-style:normal;color:#f76a0c;-webkit-box-decoration-break:clone;box-decoration-break:clone;padding-top:0px;padding-right:0px;padding-bottom:0px;padding-left:0px;}.wp-block-kadence-advancedheading.kt-adv-heading155_bc3f1b-f1 img.kb-inline-image, .wp-block-kadence-advancedheading.kt-adv-heading155_bc3f1b-f1[data-kb-block=\"kb-adv-heading155_bc3f1b-f1\"] img.kb-inline-image{width:150px;vertical-align:baseline;}<\/style>\n<h3 class=\"kt-adv-heading155_bc3f1b-f1 wp-block-kadence-advancedheading\" data-kb-block=\"kb-adv-heading155_bc3f1b-f1\">\u00a7 2 Zustandekommen der Vertr\u00e4ge, Speicherung des Vertragstextes<\/h3>\n\n\n\n<p>(1) Die folgenden Regelungen \u00fcber den Vertragsabschluss gelten f\u00fcr Bestellungen \u00fcber unseren Online-Shop unter https:\/\/www.pellens-hortensien.de.<\/p>\n\n\n\n<p>(2) Unsere im Online-Shop des Verk\u00e4ufers enthaltenen Produktdarstellungen stellen keine verbindlichen Angebote seitens des Verk\u00e4ufers dar, sondern dienen zur Abgabe eines verbindlichen Angebotes durch den Kunden.<\/p>\n\n\n\n<p>(3) Bei Eingang einer Bestellung in unserem Online-Shop gelten folgende Regelungen: Der Kunde gibt ein bindendes Vertragsangebot ab, indem er die in unserem Online-Shop vorgesehene Bestellprozedur erfolgreich durchl\u00e4uft. Die Bestellung erfolgt in folgenden Schritten: <\/p>\n\n\n\n<ol class=\"wp-block-list\">\n<li>Auswahl der gew\u00fcnschten Ware,<\/li>\n\n\n\n<li>Hinzuf\u00fcgen der Produkte durch Anklicken des entsprechenden Buttons (z.B. \u201eIn den Warenkorb\u201c, \u201eIn die Einkaufstasche\u201c o.\u00e4.),<\/li>\n\n\n\n<li>Pr\u00fcfung der Angaben im Warenkorb,<\/li>\n\n\n\n<li>Aufrufen der Bestell\u00fcbersicht durch Anklicken des entsprechenden Buttons (z.B. \u201eWeiter zur Kasse\u201c, \u201eWeiter zur Zahlung\u201c, \u201eZur Bestell\u00fcbersicht\u201c o.\u00e4.),<\/li>\n\n\n\n<li>Eingabe\/Pr\u00fcfung der Adress- und Kontaktdaten, Auswahl der Zahlungsart, Best\u00e4tigung der AGB und Widerrufsbelehrung,<\/li>\n\n\n\n<li>Abschluss der Bestellung durch Bet\u00e4tigung des Buttons \u201eAnfrage senden\u201c. Dies stellt Ihre verbindliche Bestellung dar. <\/li>\n<\/ol>\n\n\n\n<p>(4) Der Verk\u00e4ufer kann das Angebot des Kunden innerhalb von f\u00fcnf Tagen annehmen,<\/p>\n\n\n\n<ul class=\"wp-block-list\">\n<li>indem er dem Kunden eine schriftliche Auftragsbest\u00e4tigung oder eine Auftragsbest\u00e4tigung in Textform (E-Mail) \u00fcbermittelt, wobei insoweit der Zugang der Auftragsbest\u00e4tigung beim Kunden ma\u00dfgeblich ist, oder<\/li>\n\n\n\n<li>indem er dem Kunden die bestellte Ware liefert, wobei insoweit der Zugang der Ware beim Kunden ma\u00dfgeblich ist, oder<\/li>\n\n\n\n<li>indem er den Kunden nach Abgabe von dessen Bestellung zur Zahlung auffordert.<\/li>\n<\/ul>\n\n\n\n<p>(5) Im Falle des Vertragsschlusses kommt der Vertrag mit Pellens GmbH, Gesch\u00e4ftsf\u00fchrer: Andreas Pellens, St.-Adelheid-Weg 9, D-47608 Geldern, Deutschland zustande.<\/p>\n\n\n\n<p>(6) Vor der Bestellung k\u00f6nnen die Vertragsdaten \u00fcber die Druckfunktion des Browsers ausgedruckt oder elektronisch gesichert werden. Die Abwicklung der Bestellung und \u00dcbermittlung aller im Zusammenhang mit dem Vertragsschluss erforderlichen Informationen, insbesondere der Bestelldaten, der AGB und der Widerrufsbelehrung, erfolgt per E-Mail nach dem Ausl\u00f6sen der Bestellung durch Sie, zum Teil automatisiert. Wir speichern den Vertragstext nach Vertragsschluss nicht.  <\/p>\n\n\n\n<p>(7) Eingabefehler k\u00f6nnen mittels der \u00fcblichen Tastatur-, Maus- und Browser-Funktionen (z.B. \u00bbZur\u00fcck-Button\u00ab des Browsers) berichtigt werden. Sie k\u00f6nnen auch dadurch berichtigt werden, dass Sie den Bestellvorgang vorzeitig abbrechen, das Browserfenster schlie\u00dfen und den Vorgang wiederholen. <\/p>\n<\/div><\/div>\n\n\n<style>.kadence-column155_be4e6d-36 > .kt-inside-inner-col,.kadence-column155_be4e6d-36 > .kt-inside-inner-col:before{border-top-left-radius:0px;border-top-right-radius:0px;border-bottom-right-radius:0px;border-bottom-left-radius:0px;}.kadence-column155_be4e6d-36 > .kt-inside-inner-col{column-gap:var(--global-kb-gap-sm, 1rem);}.kadence-column155_be4e6d-36 > .kt-inside-inner-col{flex-direction:column;}.kadence-column155_be4e6d-36 > .kt-inside-inner-col > .aligncenter{width:100%;}.kadence-column155_be4e6d-36 > .kt-inside-inner-col:before{opacity:0.3;}.kadence-column155_be4e6d-36{position:relative;}@media all and (max-width: 1024px){.kadence-column155_be4e6d-36 > .kt-inside-inner-col{flex-direction:column;justify-content:center;}}@media all and (max-width: 767px){.kadence-column155_be4e6d-36 > .kt-inside-inner-col{flex-direction:column;justify-content:center;}}<\/style>\n<div class=\"wp-block-kadence-column kadence-column155_be4e6d-36\"><div class=\"kt-inside-inner-col\">\n<p>(8) Die Abwicklung der Bestellung und \u00dcbermittlung aller im Zusammenhang mit dem Vertragsschluss erforderlichen Informationen erfolgt per E-Mail zum Teil automatisiert. Sie haben deshalb sicherzustellen, dass die von Ihnen bei uns hinterlegte E-Mail-Adresse zutreffend ist, der Empfang der E-Mails technisch sichergestellt und insbesondere nicht durch SPAM-Filter verhindert wird. <\/p>\n\n\n<style>.wp-block-kadence-advancedheading.kt-adv-heading155_7e9b36-e3, .wp-block-kadence-advancedheading.kt-adv-heading155_7e9b36-e3[data-kb-block=\"kb-adv-heading155_7e9b36-e3\"]{font-style:normal;}.wp-block-kadence-advancedheading.kt-adv-heading155_7e9b36-e3 mark.kt-highlight, .wp-block-kadence-advancedheading.kt-adv-heading155_7e9b36-e3[data-kb-block=\"kb-adv-heading155_7e9b36-e3\"] mark.kt-highlight{font-style:normal;color:#f76a0c;-webkit-box-decoration-break:clone;box-decoration-break:clone;padding-top:0px;padding-right:0px;padding-bottom:0px;padding-left:0px;}.wp-block-kadence-advancedheading.kt-adv-heading155_7e9b36-e3 img.kb-inline-image, .wp-block-kadence-advancedheading.kt-adv-heading155_7e9b36-e3[data-kb-block=\"kb-adv-heading155_7e9b36-e3\"] img.kb-inline-image{width:150px;vertical-align:baseline;}<\/style>\n<h3 class=\"kt-adv-heading155_7e9b36-e3 wp-block-kadence-advancedheading\" data-kb-block=\"kb-adv-heading155_7e9b36-e3\">\u00a7 3 Gegenstand des Vertrages und wesentliche Merkmale der Produkte<\/h3>\n\n\n\n<p>(1) Bei unserem Online-Shop ist Vertragsgegenstand:<\/p>\n\n\n\n<ol class=\"wp-block-list\">\n<li>Der Verkauf von Waren. Die konkret angebotenen Waren k\u00f6nnen Sie unseren Artikelseiten entnehmen. <\/li>\n<\/ol>\n\n\n\n<p>(2) Die wesentlichen Merkmale der Ware finden sich in der Artikelbeschreibung.<\/p>\n\n\n\n<p>(3) Wenn nicht ausdr\u00fccklich etwas anderes vereinbart ist, ist Vertragsgegenstand nur die private Nutzung der Produkte ohne das Recht zur Weiterver\u00e4u\u00dferung oder Unterlizensierung.<\/p>\n\n\n\n<p>(4) Blumen sind ein Naturprodukt, das sich in seinem Lebensverlauf auch ver\u00e4ndert. Die gelieferte Ware kann daher von der Fotovorlage in gewissem Rahmen abweichen, zum Beispiel im Hinblick auf die Knospigkeit, Bl\u00fctenanzahl und Bl\u00fctenfarbe. <\/p>\n\n\n<style>.wp-block-kadence-advancedheading.kt-adv-heading155_4182d9-4d, .wp-block-kadence-advancedheading.kt-adv-heading155_4182d9-4d[data-kb-block=\"kb-adv-heading155_4182d9-4d\"]{font-style:normal;}.wp-block-kadence-advancedheading.kt-adv-heading155_4182d9-4d mark.kt-highlight, .wp-block-kadence-advancedheading.kt-adv-heading155_4182d9-4d[data-kb-block=\"kb-adv-heading155_4182d9-4d\"] mark.kt-highlight{font-style:normal;color:#f76a0c;-webkit-box-decoration-break:clone;box-decoration-break:clone;padding-top:0px;padding-right:0px;padding-bottom:0px;padding-left:0px;}.wp-block-kadence-advancedheading.kt-adv-heading155_4182d9-4d img.kb-inline-image, .wp-block-kadence-advancedheading.kt-adv-heading155_4182d9-4d[data-kb-block=\"kb-adv-heading155_4182d9-4d\"] img.kb-inline-image{width:150px;vertical-align:baseline;}<\/style>\n<h3 class=\"kt-adv-heading155_4182d9-4d wp-block-kadence-advancedheading\" data-kb-block=\"kb-adv-heading155_4182d9-4d\">\u00a7 4 Preise, Versandkosten und Lieferung<\/h3>\n\n\n\n<p>(1) Die in den jeweiligen Angeboten angef\u00fchrten Preise sowie die Versandkosten sind Gesamtpreise und beinhalten alle Preisbestandteile einschlie\u00dflich aller anfallenden Steuern.<\/p>\n\n\n\n<p>(2) Die Ihnen zur Verf\u00fcgung stehenden Zahlungsarten sind unter einer entsprechend bezeichneten Schaltfl\u00e4che im Online-Shop oder im jeweiligen Angebot ausgewiesen. Soweit bei den einzelnen Zahlungsarten nicht anders angegeben, sind die Zahlungsanspr\u00fcche sofort zur Zahlung f\u00e4llig. <\/p>\n\n\n\n<p>(3) Ist Vorauskasse per Bank\u00fcberweisung vereinbart, ist die Zahlung sofort nach Vertragsabschluss f\u00e4llig, sofern die Parteien keinen sp\u00e4teren F\u00e4lligkeitstermin vereinbart haben.<\/p>\n\n\n\n<p>(4) Bei Zahlung mittels einer von PayPal angebotenen Zahlungsart erfolgt die Zahlungsabwicklung \u00fcber den Zahlungsdienstleister PayPal (Europe) S.\u00e0 r.l. et Cie, S.C.A., 22-24 Boulevard Royal, L-2449 Luxembourg (im Folgenden: &#8220;PayPal&#8221;), unter Geltung der PayPal-Nutzungsbedingungen, einsehbar unter https:\/\/www.paypal.com\/de\/webapps\/mpp\/ua\/useragreement-full oder &#8211; falls der Kunde nicht \u00fcber ein PayPal-Konto verf\u00fcgt \u2013 unter Geltung der Bedingungen f\u00fcr Zahlungen ohne PayPal-Konto, einsehbar unter https:\/\/www.paypal.com\/de\/webapps\/mpp\/ua\/privacywax-full.<\/p>\n\n\n\n<p>(3) Zus\u00e4tzlich zu den angegebenen Preisen k\u00f6nnen f\u00fcr die Lieferung von Produkten Versandkosten anfallen, sofern der jeweilige Artikel nicht als versandkostenfrei ausgewiesen ist. Die Versandkosten werden Ihnen auf den Angeboten, ggf. im Warenkorbsystem und auf der Bestell\u00fcbersicht nochmals deutlich mitgeteilt. <\/p>\n\n\n\n<p>(4) Da es sich bei den Produkten um lebende Ware handelt, die bei l\u00e4ngerem Verbleib in der Versandverpackung Schaden nehmen kann, und um eine Verz\u00f6gerung der Lieferung durch Wochenenden und an Feiertagen zu verhindern, versenden wir Bestellungen nur montags bis donnerstags und nicht direkt vor Feiertagen. F\u00fcr die Auslieferung arbeiten wir mit unserem Vertragspartner DHL zusammen. Die durchschnittliche Lieferzeit betr\u00e4gt ca. 2\u20133 Werktage nach dem Eingang der Zahlung. Es ist nicht m\u00f6glich, auf die Lieferzeit am Liefertag Einfluss zu nehmen.   <\/p>\n\n\n\n<p>(5) Es bestehen die folgenden Liefergebietsbeschr\u00e4nkungen: Die Lieferung erfolgt in folgende L\u00e4nder: Deutschland.<\/p>\n\n\n\n<p>(6) Die Lieferung von Waren erfolgt auf dem Versandweg an die vom Kunden angegebene Lieferanschrift, sofern nichts anderes vereinbart ist. Bei der Abwicklung der Transaktion ist die in der Bestellabwicklung des Verk\u00e4ufers angegebene Lieferanschrift ma\u00dfgeblich. F\u00fcr die Richtigkeit und Vollst\u00e4ndigkeit der Empf\u00e4ngeranschrift ist der auftraggebende Kunde verantwortlich. Kann die Lieferung aufgrund einer falschen oder unvollst\u00e4ndigen Adressangabe durch den Kunden nicht ausgef\u00fchrt werden, hat der Kunde sowohl die Versandkosten f\u00fcr die Lieferversuche, die wegen der falschen oder unvollst\u00e4ndigen Angabe erfolglos waren, als auch die Versandkosten f\u00fcr eine etwaige sp\u00e4tere erfolgreiche Lieferung zu tragen.   <\/p>\n<\/div><\/div>\n\n\n<style>.kadence-column155_a05246-38 > .kt-inside-inner-col,.kadence-column155_a05246-38 > .kt-inside-inner-col:before{border-top-left-radius:0px;border-top-right-radius:0px;border-bottom-right-radius:0px;border-bottom-left-radius:0px;}.kadence-column155_a05246-38 > .kt-inside-inner-col{column-gap:var(--global-kb-gap-sm, 1rem);}.kadence-column155_a05246-38 > .kt-inside-inner-col{flex-direction:column;}.kadence-column155_a05246-38 > .kt-inside-inner-col > .aligncenter{width:100%;}.kadence-column155_a05246-38 > .kt-inside-inner-col:before{opacity:0.3;}.kadence-column155_a05246-38{position:relative;}@media all and (max-width: 1024px){.kadence-column155_a05246-38 > .kt-inside-inner-col{flex-direction:column;justify-content:center;}}@media all and (max-width: 767px){.kadence-column155_a05246-38 > .kt-inside-inner-col{flex-direction:column;justify-content:center;}}<\/style>\n<div class=\"wp-block-kadence-column kadence-column155_a05246-38\"><div class=\"kt-inside-inner-col\">\n<p>(9) Scheitert die Zustellung der Ware aus Gr\u00fcnden, die der Kunde zu vertreten hat, tr\u00e4gt der Kunde die dem Verk\u00e4ufer hierdurch entstehenden angemessenen Kosten. Dies gilt im Hinblick auf die Kosten f\u00fcr die Hinsendung nicht, wenn der Kunde sein Widerrufsrecht wirksam aus\u00fcbt. F\u00fcr die R\u00fccksendekosten gilt bei wirksamer Aus\u00fcbung des Widerrufsrechts durch den Kunden die in der Widerrufsbelehrung des Verk\u00e4ufers hierzu getroffene Regelung.  <\/p>\n\n\n<style>.wp-block-kadence-advancedheading.kt-adv-heading155_afb029-71, .wp-block-kadence-advancedheading.kt-adv-heading155_afb029-71[data-kb-block=\"kb-adv-heading155_afb029-71\"]{font-style:normal;}.wp-block-kadence-advancedheading.kt-adv-heading155_afb029-71 mark.kt-highlight, .wp-block-kadence-advancedheading.kt-adv-heading155_afb029-71[data-kb-block=\"kb-adv-heading155_afb029-71\"] mark.kt-highlight{font-style:normal;color:#f76a0c;-webkit-box-decoration-break:clone;box-decoration-break:clone;padding-top:0px;padding-right:0px;padding-bottom:0px;padding-left:0px;}.wp-block-kadence-advancedheading.kt-adv-heading155_afb029-71 img.kb-inline-image, .wp-block-kadence-advancedheading.kt-adv-heading155_afb029-71[data-kb-block=\"kb-adv-heading155_afb029-71\"] img.kb-inline-image{width:150px;vertical-align:baseline;}<\/style>\n<h3 class=\"kt-adv-heading155_afb029-71 wp-block-kadence-advancedheading\" data-kb-block=\"kb-adv-heading155_afb029-71\">\u00a7 5 Zur\u00fcckbehaltungsrecht, Eigentumsvorbehalt<\/h3>\n\n\n\n<p>(1) Ein Zur\u00fcckbehaltungsrecht k\u00f6nnen Sie nur aus\u00fcben, soweit es sich um Forderungen aus demselben Vertragsverh\u00e4ltnis handelt.<\/p>\n\n\n\n<p>(2) Die Ware bleibt bis zur vollst\u00e4ndigen Zahlung des Kaufpreises unser Eigentum.<\/p>\n\n\n<style>.wp-block-kadence-advancedheading.kt-adv-heading155_7d079d-0e, .wp-block-kadence-advancedheading.kt-adv-heading155_7d079d-0e[data-kb-block=\"kb-adv-heading155_7d079d-0e\"]{font-style:normal;}.wp-block-kadence-advancedheading.kt-adv-heading155_7d079d-0e mark.kt-highlight, .wp-block-kadence-advancedheading.kt-adv-heading155_7d079d-0e[data-kb-block=\"kb-adv-heading155_7d079d-0e\"] mark.kt-highlight{font-style:normal;color:#f76a0c;-webkit-box-decoration-break:clone;box-decoration-break:clone;padding-top:0px;padding-right:0px;padding-bottom:0px;padding-left:0px;}.wp-block-kadence-advancedheading.kt-adv-heading155_7d079d-0e img.kb-inline-image, .wp-block-kadence-advancedheading.kt-adv-heading155_7d079d-0e[data-kb-block=\"kb-adv-heading155_7d079d-0e\"] img.kb-inline-image{width:150px;vertical-align:baseline;}<\/style>\n<h3 class=\"kt-adv-heading155_7d079d-0e wp-block-kadence-advancedheading\" data-kb-block=\"kb-adv-heading155_7d079d-0e\">\u00a7 6 Widerrufsrecht<\/h3>\n\n\n\n<p>Als Verbraucher haben Sie ein Widerrufsrecht. Dieses richtet sich nach unserer <a href=\"https:\/\/www.pellens-hortensien.de\/en\/cancellation-policy\/\">Widerrufsbelehrung<\/a>. <\/p>\n\n\n<style>.wp-block-kadence-advancedheading.kt-adv-heading155_30be03-13, .wp-block-kadence-advancedheading.kt-adv-heading155_30be03-13[data-kb-block=\"kb-adv-heading155_30be03-13\"]{font-style:normal;}.wp-block-kadence-advancedheading.kt-adv-heading155_30be03-13 mark.kt-highlight, .wp-block-kadence-advancedheading.kt-adv-heading155_30be03-13[data-kb-block=\"kb-adv-heading155_30be03-13\"] mark.kt-highlight{font-style:normal;color:#f76a0c;-webkit-box-decoration-break:clone;box-decoration-break:clone;padding-top:0px;padding-right:0px;padding-bottom:0px;padding-left:0px;}.wp-block-kadence-advancedheading.kt-adv-heading155_30be03-13 img.kb-inline-image, .wp-block-kadence-advancedheading.kt-adv-heading155_30be03-13[data-kb-block=\"kb-adv-heading155_30be03-13\"] img.kb-inline-image{width:150px;vertical-align:baseline;}<\/style>\n<h3 class=\"kt-adv-heading155_30be03-13 wp-block-kadence-advancedheading\" data-kb-block=\"kb-adv-heading155_30be03-13\">\u00a7 7 Haftung<\/h3>\n\n\n\n<p>(1) Vorbehaltlich der nachfolgenden Ausnahmen ist unsere Haftung f\u00fcr vertragliche Pflichtverletzungen sowie aus unerlaubter Handlung auf Vorsatz oder grobe Fahrl\u00e4ssigkeit beschr\u00e4nkt.<\/p>\n\n\n\n<p>(2) Wir haften bei leichter Fahrl\u00e4ssigkeit im Falle der Verletzung des Lebens, des K\u00f6rpers, der Gesundheit oder bei Verletzung einer vertragswesentlichen Pflicht unbeschr\u00e4nkt. Wenn wir durch leichte Fahrl\u00e4ssigkeit mit der Leistung in Verzug geraten sind, wenn die Leistung unm\u00f6glich geworden ist oder wenn wir eine vertragswesentliche Pflicht verletzt haben, ist die Haftung f\u00fcr darauf zur\u00fcckzuf\u00fchrende Sach- und Verm\u00f6genssch\u00e4den auf den <strong>vertragstypisch vorhersehbaren Schaden<\/strong> begrenzt. Eine vertragswesentliche Pflicht ist eine solche, deren Erf\u00fcllung die ordnungsgem\u00e4\u00dfe Durchf\u00fchrung des Vertrages \u00fcberhaupt erst erm\u00f6glicht, deren Verletzung die Erreichung des Vertragszwecks gef\u00e4hrdet und auf deren Einhaltung Sie regelm\u00e4\u00dfig vertrauen d\u00fcrfen. Dazu geh\u00f6rt insbesondere unsere Pflicht zum T\u00e4tigwerden und der Erf\u00fcllung der vertraglich geschuldeten Leistung, die in \u00a7 3 beschrieben wird.   <\/p>\n\n\n<style>.wp-block-kadence-advancedheading.kt-adv-heading155_80b6c6-6f, .wp-block-kadence-advancedheading.kt-adv-heading155_80b6c6-6f[data-kb-block=\"kb-adv-heading155_80b6c6-6f\"]{font-style:normal;}.wp-block-kadence-advancedheading.kt-adv-heading155_80b6c6-6f mark.kt-highlight, .wp-block-kadence-advancedheading.kt-adv-heading155_80b6c6-6f[data-kb-block=\"kb-adv-heading155_80b6c6-6f\"] mark.kt-highlight{font-style:normal;color:#f76a0c;-webkit-box-decoration-break:clone;box-decoration-break:clone;padding-top:0px;padding-right:0px;padding-bottom:0px;padding-left:0px;}.wp-block-kadence-advancedheading.kt-adv-heading155_80b6c6-6f img.kb-inline-image, .wp-block-kadence-advancedheading.kt-adv-heading155_80b6c6-6f[data-kb-block=\"kb-adv-heading155_80b6c6-6f\"] img.kb-inline-image{width:150px;vertical-align:baseline;}<\/style>\n<h3 class=\"kt-adv-heading155_80b6c6-6f wp-block-kadence-advancedheading\" data-kb-block=\"kb-adv-heading155_80b6c6-6f\">\u00a7 8 Vertragssprache<\/h3>\n\n\n\n<p>Als Vertragssprache steht ausschlie\u00dflich Deutsch zur Verf\u00fcgung.<\/p>\n\n\n<style>.wp-block-kadence-advancedheading.kt-adv-heading155_81d84d-2c, .wp-block-kadence-advancedheading.kt-adv-heading155_81d84d-2c[data-kb-block=\"kb-adv-heading155_81d84d-2c\"]{font-style:normal;}.wp-block-kadence-advancedheading.kt-adv-heading155_81d84d-2c mark.kt-highlight, .wp-block-kadence-advancedheading.kt-adv-heading155_81d84d-2c[data-kb-block=\"kb-adv-heading155_81d84d-2c\"] mark.kt-highlight{font-style:normal;color:#f76a0c;-webkit-box-decoration-break:clone;box-decoration-break:clone;padding-top:0px;padding-right:0px;padding-bottom:0px;padding-left:0px;}.wp-block-kadence-advancedheading.kt-adv-heading155_81d84d-2c img.kb-inline-image, .wp-block-kadence-advancedheading.kt-adv-heading155_81d84d-2c[data-kb-block=\"kb-adv-heading155_81d84d-2c\"] img.kb-inline-image{width:150px;vertical-align:baseline;}<\/style>\n<h3 class=\"kt-adv-heading155_81d84d-2c wp-block-kadence-advancedheading\" data-kb-block=\"kb-adv-heading155_81d84d-2c\">\u00a7 9 Gew\u00e4hrleistung<\/h3>\n\n\n\n<p>(1) Die Gew\u00e4hrleistung richtet sich nach den gesetzlichen Bestimmungen.<\/p>\n\n\n\n<p>(2) Gegen\u00fcber Unternehmern betr\u00e4gt die Gew\u00e4hrleistungsfrist auf gelieferte Sachen 12 Monate.<\/p>\n\n\n\n<p>(3) Als Verbraucher werden Sie gebeten, die Ware bei Vertragserf\u00fcllung umgehend auf Vollst\u00e4ndigkeit, offensichtliche M\u00e4ngel und Transportsch\u00e4den zu \u00fcberpr\u00fcfen und uns sowie dem Spediteur Beanstandungen schnellstm\u00f6glich mitzuteilen. Eine Reklamation hat innerhalb der ersten 7 Tage nach Lieferung zu erfolgen; eine nachtr\u00e4gliche Gutschrift au\u00dferhalb dieser Frist kann nicht erfolgen. <\/p>\n\n\n<style>.wp-block-kadence-advancedheading.kt-adv-heading155_bc82ef-9b, .wp-block-kadence-advancedheading.kt-adv-heading155_bc82ef-9b[data-kb-block=\"kb-adv-heading155_bc82ef-9b\"]{font-style:normal;}.wp-block-kadence-advancedheading.kt-adv-heading155_bc82ef-9b mark.kt-highlight, .wp-block-kadence-advancedheading.kt-adv-heading155_bc82ef-9b[data-kb-block=\"kb-adv-heading155_bc82ef-9b\"] mark.kt-highlight{font-style:normal;color:#f76a0c;-webkit-box-decoration-break:clone;box-decoration-break:clone;padding-top:0px;padding-right:0px;padding-bottom:0px;padding-left:0px;}.wp-block-kadence-advancedheading.kt-adv-heading155_bc82ef-9b img.kb-inline-image, .wp-block-kadence-advancedheading.kt-adv-heading155_bc82ef-9b[data-kb-block=\"kb-adv-heading155_bc82ef-9b\"] img.kb-inline-image{width:150px;vertical-align:baseline;}<\/style>\n<h3 class=\"kt-adv-heading155_bc82ef-9b wp-block-kadence-advancedheading\" data-kb-block=\"kb-adv-heading155_bc82ef-9b\">\u00a7 10 Schlussbestimmungen<\/h3>\n\n\n\n<p>(1) Es gilt deutsches Recht. Bei Verbrauchern gilt diese Rechtswahl nur, soweit hierdurch der durch zwingende Bestimmungen des Rechts des Staates des gew\u00f6hnlichen Aufenthaltes des Verbrauchers gew\u00e4hrte Schutz nicht entzogen wird (G\u00fcnstigkeitsprinzip). <\/p>\n\n\n\n<p>(2) Die Bestimmungen des UN-Kaufrechts finden ausdr\u00fccklich keine Anwendung.<\/p>\n\n\n\n<p>(3) Sofern es sich beim Kunden um einen Kaufmann, eine juristische Person des \u00f6ffentlichen Rechts oder um ein \u00f6ffentlich-rechtliches Sonderverm\u00f6gen handelt, ist Gerichtsstand f\u00fcr alle Streitigkeiten aus Vertragsverh\u00e4ltnissen zwischen dem Kunden und dem Anbieter der Sitz des Anbieters.<\/p>\n<\/div><\/div>\n\n<\/div><\/div>","protected":false},"excerpt":{"rendered":"<p>Allgemeine Gesch\u00e4ftsbedingungen \u00a7 1 Geltung, Begriffsdefinitionen (1) Pellens GmbH, Gesch\u00e4ftsf\u00fchrer: Andreas Pellens, St.-Adelheid-Weg 9, D-47608 Geldern, Deutschland (im Folgenden: &#8220;Verk\u00e4ufer&#8221;, \u201ewir\u201c oder \u201ePellens GmbH Onlineshop\u201c) betreibt &hellip; <a href=\"https:\/\/www.pellens-hortensien.de\/en\/agb\/\">Read More<\/a><\/p>\n","protected":false},"author":4,"featured_media":0,"parent":0,"menu_order":74,"comment_status":"closed","ping_status":"closed","template":"template-feature.php","meta":{"kt_blocks_editor_width":"","_kad_blocks_custom_css":"","_kad_blocks_head_custom_js":"","_kad_blocks_body_custom_js":"","_kad_blocks_footer_custom_js":"","footnotes":""},"class_list":["post-22426","page","type-page","status-publish","hentry"],"yoast_head":"<!-- This site is optimized with the Yoast SEO plugin v27.5 - https:\/\/yoast.com\/product\/yoast-seo-wordpress\/ -->\n<title>AGB - Pellens Hortensien<\/title>\n<meta name=\"robots\" content=\"index, follow, max-snippet:-1, max-image-preview:large, max-video-preview:-1\" \/>\n<link rel=\"canonical\" href=\"https:\/\/www.pellens-hortensien.de\/en\/agb\/\" \/>\n<meta name=\"twitter:label1\" content=\"Est. reading time\" \/>\n\t<meta name=\"twitter:data1\" content=\"8 minutes\" \/>\n<script type=\"application\/ld+json\" class=\"yoast-schema-graph\">{\"@context\":\"https:\\\/\\\/schema.org\",\"@graph\":[{\"@type\":\"WebPage\",\"@id\":\"https:\\\/\\\/www.pellens-hortensien.de\\\/en\\\/agb\\\/\",\"url\":\"https:\\\/\\\/www.pellens-hortensien.de\\\/en\\\/agb\\\/\",\"name\":\"AGB - Pellens Hortensien\",\"isPartOf\":{\"@id\":\"https:\\\/\\\/www.pellens-hortensien.de\\\/en\\\/#website\"},\"datePublished\":\"2015-08-31T12:14:07+00:00\",\"dateModified\":\"2024-03-25T09:59:00+00:00\",\"breadcrumb\":{\"@id\":\"https:\\\/\\\/www.pellens-hortensien.de\\\/en\\\/agb\\\/#breadcrumb\"},\"inLanguage\":\"en-US\",\"potentialAction\":[{\"@type\":\"ReadAction\",\"target\":[\"https:\\\/\\\/www.pellens-hortensien.de\\\/en\\\/agb\\\/\"]}]},{\"@type\":\"BreadcrumbList\",\"@id\":\"https:\\\/\\\/www.pellens-hortensien.de\\\/en\\\/agb\\\/#breadcrumb\",\"itemListElement\":[{\"@type\":\"ListItem\",\"position\":1,\"name\":\"Home\",\"item\":\"https:\\\/\\\/www.pellens-hortensien.de\\\/en\\\/\"},{\"@type\":\"ListItem\",\"position\":2,\"name\":\"AGB\"}]},{\"@type\":\"WebSite\",\"@id\":\"https:\\\/\\\/www.pellens-hortensien.de\\\/en\\\/#website\",\"url\":\"https:\\\/\\\/www.pellens-hortensien.de\\\/en\\\/\",\"name\":\"Pellens Hortensien\",\"description\":\"Ihr Hortensienspezialist vom Niederrhein\",\"publisher\":{\"@id\":\"https:\\\/\\\/www.pellens-hortensien.de\\\/en\\\/#organization\"},\"potentialAction\":[{\"@type\":\"SearchAction\",\"target\":{\"@type\":\"EntryPoint\",\"urlTemplate\":\"https:\\\/\\\/www.pellens-hortensien.de\\\/en\\\/?s={search_term_string}\"},\"query-input\":{\"@type\":\"PropertyValueSpecification\",\"valueRequired\":true,\"valueName\":\"search_term_string\"}}],\"inLanguage\":\"en-US\"},{\"@type\":\"Organization\",\"@id\":\"https:\\\/\\\/www.pellens-hortensien.de\\\/en\\\/#organization\",\"name\":\"Pellens GmbH\",\"url\":\"https:\\\/\\\/www.pellens-hortensien.de\\\/en\\\/\",\"logo\":{\"@type\":\"ImageObject\",\"inLanguage\":\"en-US\",\"@id\":\"https:\\\/\\\/www.pellens-hortensien.de\\\/en\\\/#\\\/schema\\\/logo\\\/image\\\/\",\"url\":\"https:\\\/\\\/www.pellens-hortensien.de\\\/wp-content\\\/uploads\\\/2015\\\/11\\\/logo_pellens_690_200.png\",\"contentUrl\":\"https:\\\/\\\/www.pellens-hortensien.de\\\/wp-content\\\/uploads\\\/2015\\\/11\\\/logo_pellens_690_200.png\",\"width\":690,\"height\":200,\"caption\":\"Pellens GmbH\"},\"image\":{\"@id\":\"https:\\\/\\\/www.pellens-hortensien.de\\\/en\\\/#\\\/schema\\\/logo\\\/image\\\/\"},\"sameAs\":[\"https:\\\/\\\/www.facebook.com\\\/Hortensia4U\\\/\",\"https:\\\/\\\/x.com\\\/Hortensia4U\",\"https:\\\/\\\/www.instagram.com\\\/Hortensia4U\\\/\",\"https:\\\/\\\/www.youtube.com\\\/user\\\/Hortensia4U\"]}]}<\/script>\n<!-- \/ Yoast SEO plugin. -->","yoast_head_json":{"title":"AGB - Pellens Hortensien","robots":{"index":"index","follow":"follow","max-snippet":"max-snippet:-1","max-image-preview":"max-image-preview:large","max-video-preview":"max-video-preview:-1"},"canonical":"https:\/\/www.pellens-hortensien.de\/en\/agb\/","twitter_misc":{"Est. reading time":"8 minutes"},"schema":{"@context":"https:\/\/schema.org","@graph":[{"@type":"WebPage","@id":"https:\/\/www.pellens-hortensien.de\/en\/agb\/","url":"https:\/\/www.pellens-hortensien.de\/en\/agb\/","name":"AGB - Pellens Hortensien","isPartOf":{"@id":"https:\/\/www.pellens-hortensien.de\/en\/#website"},"datePublished":"2015-08-31T12:14:07+00:00","dateModified":"2024-03-25T09:59:00+00:00","breadcrumb":{"@id":"https:\/\/www.pellens-hortensien.de\/en\/agb\/#breadcrumb"},"inLanguage":"en-US","potentialAction":[{"@type":"ReadAction","target":["https:\/\/www.pellens-hortensien.de\/en\/agb\/"]}]},{"@type":"BreadcrumbList","@id":"https:\/\/www.pellens-hortensien.de\/en\/agb\/#breadcrumb","itemListElement":[{"@type":"ListItem","position":1,"name":"Home","item":"https:\/\/www.pellens-hortensien.de\/en\/"},{"@type":"ListItem","position":2,"name":"AGB"}]},{"@type":"WebSite","@id":"https:\/\/www.pellens-hortensien.de\/en\/#website","url":"https:\/\/www.pellens-hortensien.de\/en\/","name":"Pellens Hortensien","description":"Ihr Hortensienspezialist vom Niederrhein","publisher":{"@id":"https:\/\/www.pellens-hortensien.de\/en\/#organization"},"potentialAction":[{"@type":"SearchAction","target":{"@type":"EntryPoint","urlTemplate":"https:\/\/www.pellens-hortensien.de\/en\/?s={search_term_string}"},"query-input":{"@type":"PropertyValueSpecification","valueRequired":true,"valueName":"search_term_string"}}],"inLanguage":"en-US"},{"@type":"Organization","@id":"https:\/\/www.pellens-hortensien.de\/en\/#organization","name":"Pellens GmbH","url":"https:\/\/www.pellens-hortensien.de\/en\/","logo":{"@type":"ImageObject","inLanguage":"en-US","@id":"https:\/\/www.pellens-hortensien.de\/en\/#\/schema\/logo\/image\/","url":"https:\/\/www.pellens-hortensien.de\/wp-content\/uploads\/2015\/11\/logo_pellens_690_200.png","contentUrl":"https:\/\/www.pellens-hortensien.de\/wp-content\/uploads\/2015\/11\/logo_pellens_690_200.png","width":690,"height":200,"caption":"Pellens GmbH"},"image":{"@id":"https:\/\/www.pellens-hortensien.de\/en\/#\/schema\/logo\/image\/"},"sameAs":["https:\/\/www.facebook.com\/Hortensia4U\/","https:\/\/x.com\/Hortensia4U","https:\/\/www.instagram.com\/Hortensia4U\/","https:\/\/www.youtube.com\/user\/Hortensia4U"]}]}},"taxonomy_info":[],"featured_image_src_large":false,"author_info":{"display_name":"Vivian Pellens","author_link":"https:\/\/www.pellens-hortensien.de\/en\/author\/vivian\/"},"comment_info":0,"_links":{"self":[{"href":"https:\/\/www.pellens-hortensien.de\/en\/wp-json\/wp\/v2\/pages\/22426","targetHints":{"allow":["GET"]}}],"collection":[{"href":"https:\/\/www.pellens-hortensien.de\/en\/wp-json\/wp\/v2\/pages"}],"about":[{"href":"https:\/\/www.pellens-hortensien.de\/en\/wp-json\/wp\/v2\/types\/page"}],"author":[{"embeddable":true,"href":"https:\/\/www.pellens-hortensien.de\/en\/wp-json\/wp\/v2\/users\/4"}],"replies":[{"embeddable":true,"href":"https:\/\/www.pellens-hortensien.de\/en\/wp-json\/wp\/v2\/comments?post=22426"}],"version-history":[{"count":0,"href":"https:\/\/www.pellens-hortensien.de\/en\/wp-json\/wp\/v2\/pages\/22426\/revisions"}],"wp:attachment":[{"href":"https:\/\/www.pellens-hortensien.de\/en\/wp-json\/wp\/v2\/media?parent=22426"}],"curies":[{"name":"wp","href":"https:\/\/api.w.org\/{rel}","templated":true}]}}